{"id":4263,"date":"2023-09-07T12:36:14","date_gmt":"2023-09-07T12:36:14","guid":{"rendered":"https:\/\/www.terresdevidalba.com\/?post_type=product&#038;p=4263"},"modified":"2025-04-25T10:46:14","modified_gmt":"2025-04-25T10:46:14","slug":"vino-blanco-no-tho-dire","status":"publish","type":"product","link":"https:\/\/www.terresdevidalba.com\/es\/tienda\/producto\/vino-blanco-no-tho-dire\/","title":{"rendered":"Vino blanco NO T\u2019HO DIR\u00c9"},"content":{"rendered":"<h1><strong>Vino blanco NO T&#8217;HO DIR\u00c9<\/strong><\/h1>\n<p>Para empezar, las variedades de este vino blanco NO T&#8217;HO DIR\u00c9 son 100% Garnacha blanca. Esta variedad \u00fanica aporta una complejidad excepcional al vino, con aromas y sabores intensos y frescos.<\/p>\n<h3><strong>Informaci\u00f3n b\u00e1sica<\/strong><\/h3>\n<h4><strong>Elaboraci\u00f3n<\/strong><\/h4>\n<p>Cada variedad se vinifica por separado para garantizar el m\u00e1ximo control sobre el proceso de elaboraci\u00f3n y preservar las caracter\u00edsticas distintivas de cada variedad. La fermentaci\u00f3n se lleva a cabo en dep\u00f3sitos de acero inoxidable, donde se realiza un pigeage diario y un remontaje suave para asegurar una extracci\u00f3n equilibrada de los colores, aromas y sabores.<\/p>\n<h4><strong>Crianza en barrica<\/strong><\/h4>\n<p>Despu\u00e9s de la fermentaci\u00f3n, el vino se traslada a barricas de roble franc\u00e9s de Allier ligeramente tostadas, donde envejece entre 12 y 14 meses, dependiendo de la variedad. Las barricas de segundo a\u00f1o permiten una integraci\u00f3n suave de los aromas de la madera sin que estos dominen los caracteres frutales del vino.<\/p>\n<p><strong>Alcohol:<\/strong> El vino tiene un contenido alcoh\u00f3lico del 14,5% en volumen, lo que aporta una sensaci\u00f3n de calidez equilibrada y una sensaci\u00f3n de plenitud en el paladar.<\/p>\n<p>Como parte del compromiso con la calidad y la integridad del vino, no se aplican procesos de filtraci\u00f3n ni clarificaci\u00f3n. Esto puede provocar la aparici\u00f3n de peque\u00f1as cantidades de sedimentos con el tiempo, pero tambi\u00e9n preserva la riqueza y complejidad del vino.<\/p>\n<h3><strong>Informaci\u00f3n sobre embotellado y consumo<\/strong><\/h3>\n<h3><strong>Embotellado<\/strong><\/h3>\n<p>La producci\u00f3n de este vino consta de 5.500 botellas bordelesas de la serie Europa. Los corchos son naturales, con medidas de 49 x 24 mm. Adem\u00e1s, el vino se presenta en cajas de cart\u00f3n de 6 botellas, con la posibilidad de cajas de madera de 6 botellas, con el sello PEFC, que garantiza que la madera proviene de bosques gestionados de manera ecol\u00f3gica y sostenible.<\/p>\n<h4><strong>Consumo<\/strong><\/h4>\n<p>Para disfrutar plenamente de las cualidades de este vino, se recomienda servirlo a una temperatura de 16-18\u00baC. Antes de servirlo, es aconsejable abrir la botella una hora antes y decantar el vino para realzar sus aromas y sabores. Adem\u00e1s, el uso de una copa tipo Syrah proporcionar\u00e1 la mejor experiencia de cata, permitiendo que los aromas se desplieguen plenamente alrededor de la nariz y la boca.<\/p>\n","protected":false},"excerpt":{"rendered":"<p><span style=\"font-weight: 400;\">\u00bfMi secreto? No te lo dir\u00e9&#8230; Fragante y equilibrado, el vino blanco de Terres de Vidalba. El encargado de ofrecerte una experiencia \u00fanica y cautivadora. Con un meticuloso proceso de elaboraci\u00f3n, he sido concebido para resaltar la frescura y la complejidad de mis aromas y sabores.<\/span><\/p>\n","protected":false},"featured_media":3547,"comment_status":"closed","ping_status":"closed","template":"","meta":{"_acf_changed":false},"product_cat":[154,105],"product_tag":[],"giftcard-category":[],"class_list":{"0":"post-4263","1":"product","2":"type-product","3":"status-publish","4":"has-post-thumbnail","6":"product_cat-blancos","7":"product_cat-vins-es","8":"product_shipping_class-1-ampolla-es","10":"first","11":"instock","12":"taxable","13":"shipping-taxable","14":"purchasable","15":"product-type-variable","16":"has-default-attributes"},"acf":[],"yoast_head":"<!-- This site is optimized with the Yoast SEO plugin v23.9 - https:\/\/yoast.com\/wordpress\/plugins\/seo\/ -->\n<title>Vino blanco NO T\u2019HO DIR\u00c9 - Terres de Vidalba<\/title>\n<meta name=\"robots\" content=\"index, follow, max-snippet:-1, max-image-preview:large, max-video-preview:-1\" \/>\n<link rel=\"canonical\" href=\"https:\/\/www.terresdevidalba.com\/es\/tienda\/producto\/vino-blanco-no-tho-dire\/\" \/>\n<meta property=\"og:locale\" content=\"es_ES\" \/>\n<meta property=\"og:type\" content=\"article\" \/>\n<meta property=\"og:title\" content=\"Vino blanco NO T\u2019HO DIR\u00c9 - Terres de Vidalba\" \/>\n<meta property=\"og:description\" content=\"\u00bfMi secreto? No te lo dir\u00e9... Fragante y equilibrado, el vino blanco de Terres de Vidalba. El encargado de ofrecerte una experiencia \u00fanica y cautivadora. Con un meticuloso proceso de elaboraci\u00f3n, he sido concebido para resaltar la frescura y la complejidad de mis aromas y sabores.\" \/>\n<meta property=\"og:url\" content=\"https:\/\/www.terresdevidalba.com\/es\/tienda\/producto\/vino-blanco-no-tho-dire\/\" \/>\n<meta property=\"og:site_name\" content=\"Terres de Vidalba\" \/>\n<meta property=\"article:modified_time\" content=\"2025-04-25T10:46:14+00:00\" \/>\n<meta property=\"og:image\" content=\"https:\/\/www.terresdevidalba.com\/wp-content\/uploads\/2023\/09\/Vi-blanc-Priorat-NO-THO-DIRE-2019.jpg\" \/>\n\t<meta property=\"og:image:width\" content=\"1000\" \/>\n\t<meta property=\"og:image:height\" content=\"1000\" \/>\n\t<meta property=\"og:image:type\" content=\"image\/jpeg\" \/>\n<meta name=\"twitter:card\" content=\"summary_large_image\" \/>\n<meta name=\"twitter:label1\" content=\"Tiempo de lectura\" \/>\n\t<meta name=\"twitter:data1\" content=\"3 minutos\" \/>\n<script type=\"application\/ld+json\" class=\"yoast-schema-graph\">{\"@context\":\"https:\/\/schema.org\",\"@graph\":[{\"@type\":\"WebPage\",\"@id\":\"https:\/\/www.terresdevidalba.com\/es\/tienda\/producto\/vino-blanco-no-tho-dire\/\",\"url\":\"https:\/\/www.terresdevidalba.com\/es\/tienda\/producto\/vino-blanco-no-tho-dire\/\",\"name\":\"Vino blanco NO T\u2019HO DIR\u00c9 - Terres de Vidalba\",\"isPartOf\":{\"@id\":\"https:\/\/www.terresdevidalba.com\/es\/#website\"},\"primaryImageOfPage\":{\"@id\":\"https:\/\/www.terresdevidalba.com\/es\/tienda\/producto\/vino-blanco-no-tho-dire\/#primaryimage\"},\"image\":{\"@id\":\"https:\/\/www.terresdevidalba.com\/es\/tienda\/producto\/vino-blanco-no-tho-dire\/#primaryimage\"},\"thumbnailUrl\":\"https:\/\/www.terresdevidalba.com\/wp-content\/uploads\/2023\/09\/Vi-blanc-Priorat-NO-THO-DIRE-2019.jpg\",\"datePublished\":\"2023-09-07T12:36:14+00:00\",\"dateModified\":\"2025-04-25T10:46:14+00:00\",\"breadcrumb\":{\"@id\":\"https:\/\/www.terresdevidalba.com\/es\/tienda\/producto\/vino-blanco-no-tho-dire\/#breadcrumb\"},\"inLanguage\":\"es\",\"potentialAction\":[{\"@type\":\"ReadAction\",\"target\":[\"https:\/\/www.terresdevidalba.com\/es\/tienda\/producto\/vino-blanco-no-tho-dire\/\"]}]},{\"@type\":\"ImageObject\",\"inLanguage\":\"es\",\"@id\":\"https:\/\/www.terresdevidalba.com\/es\/tienda\/producto\/vino-blanco-no-tho-dire\/#primaryimage\",\"url\":\"https:\/\/www.terresdevidalba.com\/wp-content\/uploads\/2023\/09\/Vi-blanc-Priorat-NO-THO-DIRE-2019.jpg\",\"contentUrl\":\"https:\/\/www.terresdevidalba.com\/wp-content\/uploads\/2023\/09\/Vi-blanc-Priorat-NO-THO-DIRE-2019.jpg\",\"width\":1000,\"height\":1000},{\"@type\":\"BreadcrumbList\",\"@id\":\"https:\/\/www.terresdevidalba.com\/es\/tienda\/producto\/vino-blanco-no-tho-dire\/#breadcrumb\",\"itemListElement\":[{\"@type\":\"ListItem\",\"position\":1,\"name\":\"Portada\",\"item\":\"https:\/\/www.terresdevidalba.com\/es\/\"},{\"@type\":\"ListItem\",\"position\":2,\"name\":\"Productos\",\"item\":\"https:\/\/www.terresdevidalba.com\/es\/shop\/\"},{\"@type\":\"ListItem\",\"position\":3,\"name\":\"Vino blanco NO T\u2019HO DIR\u00c9\"}]},{\"@type\":\"WebSite\",\"@id\":\"https:\/\/www.terresdevidalba.com\/es\/#website\",\"url\":\"https:\/\/www.terresdevidalba.com\/es\/\",\"name\":\"Terres de Vidalba\",\"description\":\"Celler familiar de Poboleda\",\"publisher\":{\"@id\":\"https:\/\/www.terresdevidalba.com\/es\/#organization\"},\"potentialAction\":[{\"@type\":\"SearchAction\",\"target\":{\"@type\":\"EntryPoint\",\"urlTemplate\":\"https:\/\/www.terresdevidalba.com\/es\/?s={search_term_string}\"},\"query-input\":{\"@type\":\"PropertyValueSpecification\",\"valueRequired\":true,\"valueName\":\"search_term_string\"}}],\"inLanguage\":\"es\"},{\"@type\":\"Organization\",\"@id\":\"https:\/\/www.terresdevidalba.com\/es\/#organization\",\"name\":\"Terres de Vidalba\",\"url\":\"https:\/\/www.terresdevidalba.com\/es\/\",\"logo\":{\"@type\":\"ImageObject\",\"inLanguage\":\"es\",\"@id\":\"https:\/\/www.terresdevidalba.com\/es\/#\/schema\/logo\/image\/\",\"url\":\"https:\/\/www.terresdevidalba.com\/wp-content\/uploads\/2023\/08\/logo-terres-DOQ-PhotoRoom.png-PhotoRoom.png\",\"contentUrl\":\"https:\/\/www.terresdevidalba.com\/wp-content\/uploads\/2023\/08\/logo-terres-DOQ-PhotoRoom.png-PhotoRoom.png\",\"width\":500,\"height\":290,\"caption\":\"Terres de Vidalba\"},\"image\":{\"@id\":\"https:\/\/www.terresdevidalba.com\/es\/#\/schema\/logo\/image\/\"}}]}<\/script>\n<!-- \/ Yoast SEO plugin. -->","yoast_head_json":{"title":"Vino blanco NO T\u2019HO DIR\u00c9 - Terres de Vidalba","robots":{"index":"index","follow":"follow","max-snippet":"max-snippet:-1","max-image-preview":"max-image-preview:large","max-video-preview":"max-video-preview:-1"},"canonical":"https:\/\/www.terresdevidalba.com\/es\/tienda\/producto\/vino-blanco-no-tho-dire\/","og_locale":"es_ES","og_type":"article","og_title":"Vino blanco NO T\u2019HO DIR\u00c9 - Terres de Vidalba","og_description":"\u00bfMi secreto? No te lo dir\u00e9... Fragante y equilibrado, el vino blanco de Terres de Vidalba. El encargado de ofrecerte una experiencia \u00fanica y cautivadora. Con un meticuloso proceso de elaboraci\u00f3n, he sido concebido para resaltar la frescura y la complejidad de mis aromas y sabores.","og_url":"https:\/\/www.terresdevidalba.com\/es\/tienda\/producto\/vino-blanco-no-tho-dire\/","og_site_name":"Terres de Vidalba","article_modified_time":"2025-04-25T10:46:14+00:00","og_image":[{"width":1000,"height":1000,"url":"https:\/\/www.terresdevidalba.com\/wp-content\/uploads\/2023\/09\/Vi-blanc-Priorat-NO-THO-DIRE-2019.jpg","type":"image\/jpeg"}],"twitter_card":"summary_large_image","twitter_misc":{"Tiempo de lectura":"3 minutos"},"schema":{"@context":"https:\/\/schema.org","@graph":[{"@type":"WebPage","@id":"https:\/\/www.terresdevidalba.com\/es\/tienda\/producto\/vino-blanco-no-tho-dire\/","url":"https:\/\/www.terresdevidalba.com\/es\/tienda\/producto\/vino-blanco-no-tho-dire\/","name":"Vino blanco NO T\u2019HO DIR\u00c9 - Terres de Vidalba","isPartOf":{"@id":"https:\/\/www.terresdevidalba.com\/es\/#website"},"primaryImageOfPage":{"@id":"https:\/\/www.terresdevidalba.com\/es\/tienda\/producto\/vino-blanco-no-tho-dire\/#primaryimage"},"image":{"@id":"https:\/\/www.terresdevidalba.com\/es\/tienda\/producto\/vino-blanco-no-tho-dire\/#primaryimage"},"thumbnailUrl":"https:\/\/www.terresdevidalba.com\/wp-content\/uploads\/2023\/09\/Vi-blanc-Priorat-NO-THO-DIRE-2019.jpg","datePublished":"2023-09-07T12:36:14+00:00","dateModified":"2025-04-25T10:46:14+00:00","breadcrumb":{"@id":"https:\/\/www.terresdevidalba.com\/es\/tienda\/producto\/vino-blanco-no-tho-dire\/#breadcrumb"},"inLanguage":"es","potentialAction":[{"@type":"ReadAction","target":["https:\/\/www.terresdevidalba.com\/es\/tienda\/producto\/vino-blanco-no-tho-dire\/"]}]},{"@type":"ImageObject","inLanguage":"es","@id":"https:\/\/www.terresdevidalba.com\/es\/tienda\/producto\/vino-blanco-no-tho-dire\/#primaryimage","url":"https:\/\/www.terresdevidalba.com\/wp-content\/uploads\/2023\/09\/Vi-blanc-Priorat-NO-THO-DIRE-2019.jpg","contentUrl":"https:\/\/www.terresdevidalba.com\/wp-content\/uploads\/2023\/09\/Vi-blanc-Priorat-NO-THO-DIRE-2019.jpg","width":1000,"height":1000},{"@type":"BreadcrumbList","@id":"https:\/\/www.terresdevidalba.com\/es\/tienda\/producto\/vino-blanco-no-tho-dire\/#breadcrumb","itemListElement":[{"@type":"ListItem","position":1,"name":"Portada","item":"https:\/\/www.terresdevidalba.com\/es\/"},{"@type":"ListItem","position":2,"name":"Productos","item":"https:\/\/www.terresdevidalba.com\/es\/shop\/"},{"@type":"ListItem","position":3,"name":"Vino blanco NO T\u2019HO DIR\u00c9"}]},{"@type":"WebSite","@id":"https:\/\/www.terresdevidalba.com\/es\/#website","url":"https:\/\/www.terresdevidalba.com\/es\/","name":"Terres de Vidalba","description":"Celler familiar de Poboleda","publisher":{"@id":"https:\/\/www.terresdevidalba.com\/es\/#organization"},"potentialAction":[{"@type":"SearchAction","target":{"@type":"EntryPoint","urlTemplate":"https:\/\/www.terresdevidalba.com\/es\/?s={search_term_string}"},"query-input":{"@type":"PropertyValueSpecification","valueRequired":true,"valueName":"search_term_string"}}],"inLanguage":"es"},{"@type":"Organization","@id":"https:\/\/www.terresdevidalba.com\/es\/#organization","name":"Terres de Vidalba","url":"https:\/\/www.terresdevidalba.com\/es\/","logo":{"@type":"ImageObject","inLanguage":"es","@id":"https:\/\/www.terresdevidalba.com\/es\/#\/schema\/logo\/image\/","url":"https:\/\/www.terresdevidalba.com\/wp-content\/uploads\/2023\/08\/logo-terres-DOQ-PhotoRoom.png-PhotoRoom.png","contentUrl":"https:\/\/www.terresdevidalba.com\/wp-content\/uploads\/2023\/08\/logo-terres-DOQ-PhotoRoom.png-PhotoRoom.png","width":500,"height":290,"caption":"Terres de Vidalba"},"image":{"@id":"https:\/\/www.terresdevidalba.com\/es\/#\/schema\/logo\/image\/"}}]}},"_links":{"self":[{"href":"https:\/\/www.terresdevidalba.com\/es\/wp-json\/wp\/v2\/product\/4263","targetHints":{"allow":["GET"]}}],"collection":[{"href":"https:\/\/www.terresdevidalba.com\/es\/wp-json\/wp\/v2\/product"}],"about":[{"href":"https:\/\/www.terresdevidalba.com\/es\/wp-json\/wp\/v2\/types\/product"}],"replies":[{"embeddable":true,"href":"https:\/\/www.terresdevidalba.com\/es\/wp-json\/wp\/v2\/comments?post=4263"}],"version-history":[{"count":11,"href":"https:\/\/www.terresdevidalba.com\/es\/wp-json\/wp\/v2\/product\/4263\/revisions"}],"predecessor-version":[{"id":4604,"href":"https:\/\/www.terresdevidalba.com\/es\/wp-json\/wp\/v2\/product\/4263\/revisions\/4604"}],"wp:featuredmedia":[{"embeddable":true,"href":"https:\/\/www.terresdevidalba.com\/es\/wp-json\/wp\/v2\/media\/3547"}],"wp:attachment":[{"href":"https:\/\/www.terresdevidalba.com\/es\/wp-json\/wp\/v2\/media?parent=4263"}],"wp:term":[{"taxonomy":"product_cat","embeddable":true,"href":"https:\/\/www.terresdevidalba.com\/es\/wp-json\/wp\/v2\/product_cat?post=4263"},{"taxonomy":"product_tag","embeddable":true,"href":"https:\/\/www.terresdevidalba.com\/es\/wp-json\/wp\/v2\/product_tag?post=4263"},{"taxonomy":"giftcard-category","embeddable":true,"href":"https:\/\/www.terresdevidalba.com\/es\/wp-json\/wp\/v2\/giftcard-category?post=4263"}],"curies":[{"name":"wp","href":"https:\/\/api.w.org\/{rel}","templated":true}]}}