{"id":4623,"date":"2024-04-10T09:29:07","date_gmt":"2024-04-10T09:29:07","guid":{"rendered":"https:\/\/www.terresdevidalba.com\/botiga\/producte\/tocs-especials\/"},"modified":"2025-04-28T07:54:17","modified_gmt":"2025-04-28T07:54:17","slug":"tocs-especials","status":"publish","type":"product","link":"https:\/\/www.terresdevidalba.com\/es\/tienda\/producto\/tocs-especials\/","title":{"rendered":"Els especials de TOCS"},"content":{"rendered":"<h1>Los especiales de TOCS<\/h1>\n<h3>Informaci\u00f3n b\u00e1sica<\/h3>\n<p>Descubre la colecci\u00f3n de &#8220;Els Especials de TOCS&#8221; de Terres de Vidalba. Una selecci\u00f3n excepcional de vinos que capturan la esencia \u00fanica de cada a\u00f1ada. Desde los veteranos y estructurados cupajes de garnacha negra, syrah y cabernet de las a\u00f1adas 2003 y 2007, hasta las expresiones m\u00e1s aut\u00e9nticas de garnacha negra y syrah a partir de la a\u00f1ada 2008. Cada botella es una celebraci\u00f3n de la innovaci\u00f3n, la pasi\u00f3n y las tradiciones arraigadas de Terres de Vidalba. Disfr\u00fatalos en la selecci\u00f3n &#8220;La vertical de TOCS&#8221;.<\/p>\n<h4><strong>Elaboraci\u00f3n<\/strong><\/h4>\n<p>En el proceso de elaboraci\u00f3n, un 25% de la fermentaci\u00f3n tiene lugar en barricas abiertas de 500 litros, mientras que el resto se realiza en dep\u00f3sitos de acero inoxidable. Adem\u00e1s, se lleva a cabo un pigeage diario y un suave remontaje para asegurar una extracci\u00f3n equilibrada y delicada.<\/p>\n<h4><strong>Crianza en barrica<\/strong><\/h4>\n<p>Despu\u00e9s de la fermentaci\u00f3n, el vino envejece en barricas de roble franc\u00e9s de Allier ligeramente tostadas durante un periodo de 14 a 18 meses, dependiendo de la variedad. Las barricas utilizadas var\u00edan, desde nuevas de 300 litros hasta barricas de 225 litros de segundo a\u00f1o, aportando una riqueza arom\u00e1tica y estructura al vino.<\/p>\n<p><strong>Alcohol:<\/strong> 15% en volumen.<\/p>\n<h4><strong>Filtraje o clarificaci\u00f3n<\/strong><\/h4>\n<p>No se aplican procesos de filtraje ni clarificaci\u00f3n al vino, garantizando su integridad y complejidad. Esta decisi\u00f3n puede resultar en peque\u00f1as cantidades de sedimentos con el tiempo, una prueba de su autenticidad y naturaleza.<\/p>\n<h3><strong>Embotellado y consumo<\/strong><\/h3>\n<h4><strong>Embotellado<\/strong><\/h4>\n<p>Cada a\u00f1ada produce 5.500 botellas bordelesas de la serie Europa, cerradas con tapones de corcho natural (49 x 24 mm). Las botellas se presentan en cajas de cart\u00f3n de 6 unidades o en cajas de madera certificadas por el PEFC, asegurando el origen sostenible de la madera.<\/p>\n<h4><strong>Consumo<\/strong><\/h4>\n<p>Para disfrutar plenamente del vino, se recomienda servirlo a una temperatura de 16-18\u00baC. Antes de servirlo, se aconseja abrir la botella con una hora de antelaci\u00f3n y decantarlo para realzar sus aromas y sabores. Adem\u00e1s, una copa tipo Syrah es la mejor elecci\u00f3n para esta experiencia sensorial \u00fanica.<\/p>\n","protected":false},"excerpt":{"rendered":"<p>Descubre la colecci\u00f3n de &#8220;Los Especiales de TOCS&#8221; de Terres de Vidalba. Una selecci\u00f3n excepcional de vinos que capturan la esencia \u00fanica de cada a\u00f1ada. Desde los veteranos y estructurados coupages de garnacha negra, syrah y cabernet de las a\u00f1adas 2003 y 2007, hasta las expresiones m\u00e1s aut\u00e9nticas de garnacha negra y syrah a partir de la a\u00f1ada 2008. Cada botella es una celebraci\u00f3n de la innovaci\u00f3n, la pasi\u00f3n y las tradiciones arraigadas de Terres de Vidalba.<\/p>\n<p>Disfr\u00fatalos en la selecci\u00f3n &#8220;<a href=\"https:\/\/www.terresdevidalba.com\/producto\/la-vertical-de-tocs\/\">La vertical de TOCS<\/a>&#8220;.<\/p>\n","protected":false},"featured_media":3563,"comment_status":"closed","ping_status":"closed","template":"","meta":{"_acf_changed":false},"product_cat":[139,105],"product_tag":[],"giftcard-category":[],"class_list":{"0":"post-4623","1":"product","2":"type-product","3":"status-publish","4":"has-post-thumbnail","6":"product_cat-gourmet-es","7":"product_cat-vins-es","8":"product_shipping_class-1-ampolla-es","10":"first","11":"instock","12":"taxable","13":"shipping-taxable","14":"purchasable","15":"product-type-variable"},"acf":[],"yoast_head":"<!-- This site is optimized with the Yoast SEO plugin v23.9 - https:\/\/yoast.com\/wordpress\/plugins\/seo\/ -->\n<title>Els especials de TOCS - Terres de Vidalba<\/title>\n<meta name=\"robots\" content=\"index, follow, max-snippet:-1, max-image-preview:large, max-video-preview:-1\" \/>\n<link rel=\"canonical\" href=\"https:\/\/www.terresdevidalba.com\/es\/tienda\/producto\/tocs-especials\/\" \/>\n<meta property=\"og:locale\" content=\"es_ES\" \/>\n<meta property=\"og:type\" content=\"article\" \/>\n<meta property=\"og:title\" content=\"Els especials de TOCS - Terres de Vidalba\" \/>\n<meta property=\"og:description\" content=\"Descubre la colecci\u00f3n de &quot;Los Especiales de TOCS&quot; de Terres de Vidalba. Una selecci\u00f3n excepcional de vinos que capturan la esencia \u00fanica de cada a\u00f1ada. Desde los veteranos y estructurados coupages de garnacha negra, syrah y cabernet de las a\u00f1adas 2003 y 2007, hasta las expresiones m\u00e1s aut\u00e9nticas de garnacha negra y syrah a partir de la a\u00f1ada 2008. Cada botella es una celebraci\u00f3n de la innovaci\u00f3n, la pasi\u00f3n y las tradiciones arraigadas de Terres de Vidalba.  Disfr\u00fatalos en la selecci\u00f3n &quot;La vertical de TOCS&quot;.\" \/>\n<meta property=\"og:url\" content=\"https:\/\/www.terresdevidalba.com\/es\/tienda\/producto\/tocs-especials\/\" \/>\n<meta property=\"og:site_name\" content=\"Terres de Vidalba\" \/>\n<meta property=\"article:modified_time\" content=\"2025-04-28T07:54:17+00:00\" \/>\n<meta property=\"og:image\" content=\"https:\/\/www.terresdevidalba.com\/wp-content\/uploads\/2023\/11\/Vi-negre-Priorat-la-vertical-TOCS-.jpg\" \/>\n\t<meta property=\"og:image:width\" content=\"1000\" \/>\n\t<meta property=\"og:image:height\" content=\"1000\" \/>\n\t<meta property=\"og:image:type\" content=\"image\/jpeg\" \/>\n<meta name=\"twitter:card\" content=\"summary_large_image\" \/>\n<meta name=\"twitter:label1\" content=\"Tiempo de lectura\" \/>\n\t<meta name=\"twitter:data1\" content=\"3 minutos\" \/>\n<script type=\"application\/ld+json\" class=\"yoast-schema-graph\">{\"@context\":\"https:\/\/schema.org\",\"@graph\":[{\"@type\":\"WebPage\",\"@id\":\"https:\/\/www.terresdevidalba.com\/es\/tienda\/producto\/tocs-especials\/\",\"url\":\"https:\/\/www.terresdevidalba.com\/es\/tienda\/producto\/tocs-especials\/\",\"name\":\"Els especials de TOCS - Terres de Vidalba\",\"isPartOf\":{\"@id\":\"https:\/\/www.terresdevidalba.com\/es\/#website\"},\"primaryImageOfPage\":{\"@id\":\"https:\/\/www.terresdevidalba.com\/es\/tienda\/producto\/tocs-especials\/#primaryimage\"},\"image\":{\"@id\":\"https:\/\/www.terresdevidalba.com\/es\/tienda\/producto\/tocs-especials\/#primaryimage\"},\"thumbnailUrl\":\"https:\/\/www.terresdevidalba.com\/wp-content\/uploads\/2023\/11\/Vi-negre-Priorat-la-vertical-TOCS-.jpg\",\"datePublished\":\"2024-04-10T09:29:07+00:00\",\"dateModified\":\"2025-04-28T07:54:17+00:00\",\"breadcrumb\":{\"@id\":\"https:\/\/www.terresdevidalba.com\/es\/tienda\/producto\/tocs-especials\/#breadcrumb\"},\"inLanguage\":\"es\",\"potentialAction\":[{\"@type\":\"ReadAction\",\"target\":[\"https:\/\/www.terresdevidalba.com\/es\/tienda\/producto\/tocs-especials\/\"]}]},{\"@type\":\"ImageObject\",\"inLanguage\":\"es\",\"@id\":\"https:\/\/www.terresdevidalba.com\/es\/tienda\/producto\/tocs-especials\/#primaryimage\",\"url\":\"https:\/\/www.terresdevidalba.com\/wp-content\/uploads\/2023\/11\/Vi-negre-Priorat-la-vertical-TOCS-.jpg\",\"contentUrl\":\"https:\/\/www.terresdevidalba.com\/wp-content\/uploads\/2023\/11\/Vi-negre-Priorat-la-vertical-TOCS-.jpg\",\"width\":1000,\"height\":1000},{\"@type\":\"BreadcrumbList\",\"@id\":\"https:\/\/www.terresdevidalba.com\/es\/tienda\/producto\/tocs-especials\/#breadcrumb\",\"itemListElement\":[{\"@type\":\"ListItem\",\"position\":1,\"name\":\"Portada\",\"item\":\"https:\/\/www.terresdevidalba.com\/es\/\"},{\"@type\":\"ListItem\",\"position\":2,\"name\":\"Productos\",\"item\":\"https:\/\/www.terresdevidalba.com\/es\/shop\/\"},{\"@type\":\"ListItem\",\"position\":3,\"name\":\"Els especials de TOCS\"}]},{\"@type\":\"WebSite\",\"@id\":\"https:\/\/www.terresdevidalba.com\/es\/#website\",\"url\":\"https:\/\/www.terresdevidalba.com\/es\/\",\"name\":\"Terres de Vidalba\",\"description\":\"Celler familiar de Poboleda\",\"publisher\":{\"@id\":\"https:\/\/www.terresdevidalba.com\/es\/#organization\"},\"potentialAction\":[{\"@type\":\"SearchAction\",\"target\":{\"@type\":\"EntryPoint\",\"urlTemplate\":\"https:\/\/www.terresdevidalba.com\/es\/?s={search_term_string}\"},\"query-input\":{\"@type\":\"PropertyValueSpecification\",\"valueRequired\":true,\"valueName\":\"search_term_string\"}}],\"inLanguage\":\"es\"},{\"@type\":\"Organization\",\"@id\":\"https:\/\/www.terresdevidalba.com\/es\/#organization\",\"name\":\"Terres de Vidalba\",\"url\":\"https:\/\/www.terresdevidalba.com\/es\/\",\"logo\":{\"@type\":\"ImageObject\",\"inLanguage\":\"es\",\"@id\":\"https:\/\/www.terresdevidalba.com\/es\/#\/schema\/logo\/image\/\",\"url\":\"https:\/\/www.terresdevidalba.com\/wp-content\/uploads\/2023\/08\/logo-terres-DOQ-PhotoRoom.png-PhotoRoom.png\",\"contentUrl\":\"https:\/\/www.terresdevidalba.com\/wp-content\/uploads\/2023\/08\/logo-terres-DOQ-PhotoRoom.png-PhotoRoom.png\",\"width\":500,\"height\":290,\"caption\":\"Terres de Vidalba\"},\"image\":{\"@id\":\"https:\/\/www.terresdevidalba.com\/es\/#\/schema\/logo\/image\/\"}}]}<\/script>\n<!-- \/ Yoast SEO plugin. -->","yoast_head_json":{"title":"Els especials de TOCS - Terres de Vidalba","robots":{"index":"index","follow":"follow","max-snippet":"max-snippet:-1","max-image-preview":"max-image-preview:large","max-video-preview":"max-video-preview:-1"},"canonical":"https:\/\/www.terresdevidalba.com\/es\/tienda\/producto\/tocs-especials\/","og_locale":"es_ES","og_type":"article","og_title":"Els especials de TOCS - Terres de Vidalba","og_description":"Descubre la colecci\u00f3n de \"Los Especiales de TOCS\" de Terres de Vidalba. Una selecci\u00f3n excepcional de vinos que capturan la esencia \u00fanica de cada a\u00f1ada. Desde los veteranos y estructurados coupages de garnacha negra, syrah y cabernet de las a\u00f1adas 2003 y 2007, hasta las expresiones m\u00e1s aut\u00e9nticas de garnacha negra y syrah a partir de la a\u00f1ada 2008. Cada botella es una celebraci\u00f3n de la innovaci\u00f3n, la pasi\u00f3n y las tradiciones arraigadas de Terres de Vidalba.  Disfr\u00fatalos en la selecci\u00f3n \"La vertical de TOCS\".","og_url":"https:\/\/www.terresdevidalba.com\/es\/tienda\/producto\/tocs-especials\/","og_site_name":"Terres de Vidalba","article_modified_time":"2025-04-28T07:54:17+00:00","og_image":[{"width":1000,"height":1000,"url":"https:\/\/www.terresdevidalba.com\/wp-content\/uploads\/2023\/11\/Vi-negre-Priorat-la-vertical-TOCS-.jpg","type":"image\/jpeg"}],"twitter_card":"summary_large_image","twitter_misc":{"Tiempo de lectura":"3 minutos"},"schema":{"@context":"https:\/\/schema.org","@graph":[{"@type":"WebPage","@id":"https:\/\/www.terresdevidalba.com\/es\/tienda\/producto\/tocs-especials\/","url":"https:\/\/www.terresdevidalba.com\/es\/tienda\/producto\/tocs-especials\/","name":"Els especials de TOCS - Terres de Vidalba","isPartOf":{"@id":"https:\/\/www.terresdevidalba.com\/es\/#website"},"primaryImageOfPage":{"@id":"https:\/\/www.terresdevidalba.com\/es\/tienda\/producto\/tocs-especials\/#primaryimage"},"image":{"@id":"https:\/\/www.terresdevidalba.com\/es\/tienda\/producto\/tocs-especials\/#primaryimage"},"thumbnailUrl":"https:\/\/www.terresdevidalba.com\/wp-content\/uploads\/2023\/11\/Vi-negre-Priorat-la-vertical-TOCS-.jpg","datePublished":"2024-04-10T09:29:07+00:00","dateModified":"2025-04-28T07:54:17+00:00","breadcrumb":{"@id":"https:\/\/www.terresdevidalba.com\/es\/tienda\/producto\/tocs-especials\/#breadcrumb"},"inLanguage":"es","potentialAction":[{"@type":"ReadAction","target":["https:\/\/www.terresdevidalba.com\/es\/tienda\/producto\/tocs-especials\/"]}]},{"@type":"ImageObject","inLanguage":"es","@id":"https:\/\/www.terresdevidalba.com\/es\/tienda\/producto\/tocs-especials\/#primaryimage","url":"https:\/\/www.terresdevidalba.com\/wp-content\/uploads\/2023\/11\/Vi-negre-Priorat-la-vertical-TOCS-.jpg","contentUrl":"https:\/\/www.terresdevidalba.com\/wp-content\/uploads\/2023\/11\/Vi-negre-Priorat-la-vertical-TOCS-.jpg","width":1000,"height":1000},{"@type":"BreadcrumbList","@id":"https:\/\/www.terresdevidalba.com\/es\/tienda\/producto\/tocs-especials\/#breadcrumb","itemListElement":[{"@type":"ListItem","position":1,"name":"Portada","item":"https:\/\/www.terresdevidalba.com\/es\/"},{"@type":"ListItem","position":2,"name":"Productos","item":"https:\/\/www.terresdevidalba.com\/es\/shop\/"},{"@type":"ListItem","position":3,"name":"Els especials de TOCS"}]},{"@type":"WebSite","@id":"https:\/\/www.terresdevidalba.com\/es\/#website","url":"https:\/\/www.terresdevidalba.com\/es\/","name":"Terres de Vidalba","description":"Celler familiar de Poboleda","publisher":{"@id":"https:\/\/www.terresdevidalba.com\/es\/#organization"},"potentialAction":[{"@type":"SearchAction","target":{"@type":"EntryPoint","urlTemplate":"https:\/\/www.terresdevidalba.com\/es\/?s={search_term_string}"},"query-input":{"@type":"PropertyValueSpecification","valueRequired":true,"valueName":"search_term_string"}}],"inLanguage":"es"},{"@type":"Organization","@id":"https:\/\/www.terresdevidalba.com\/es\/#organization","name":"Terres de Vidalba","url":"https:\/\/www.terresdevidalba.com\/es\/","logo":{"@type":"ImageObject","inLanguage":"es","@id":"https:\/\/www.terresdevidalba.com\/es\/#\/schema\/logo\/image\/","url":"https:\/\/www.terresdevidalba.com\/wp-content\/uploads\/2023\/08\/logo-terres-DOQ-PhotoRoom.png-PhotoRoom.png","contentUrl":"https:\/\/www.terresdevidalba.com\/wp-content\/uploads\/2023\/08\/logo-terres-DOQ-PhotoRoom.png-PhotoRoom.png","width":500,"height":290,"caption":"Terres de Vidalba"},"image":{"@id":"https:\/\/www.terresdevidalba.com\/es\/#\/schema\/logo\/image\/"}}]}},"_links":{"self":[{"href":"https:\/\/www.terresdevidalba.com\/es\/wp-json\/wp\/v2\/product\/4623","targetHints":{"allow":["GET"]}}],"collection":[{"href":"https:\/\/www.terresdevidalba.com\/es\/wp-json\/wp\/v2\/product"}],"about":[{"href":"https:\/\/www.terresdevidalba.com\/es\/wp-json\/wp\/v2\/types\/product"}],"replies":[{"embeddable":true,"href":"https:\/\/www.terresdevidalba.com\/es\/wp-json\/wp\/v2\/comments?post=4623"}],"version-history":[{"count":3,"href":"https:\/\/www.terresdevidalba.com\/es\/wp-json\/wp\/v2\/product\/4623\/revisions"}],"predecessor-version":[{"id":4630,"href":"https:\/\/www.terresdevidalba.com\/es\/wp-json\/wp\/v2\/product\/4623\/revisions\/4630"}],"wp:featuredmedia":[{"embeddable":true,"href":"https:\/\/www.terresdevidalba.com\/es\/wp-json\/wp\/v2\/media\/3563"}],"wp:attachment":[{"href":"https:\/\/www.terresdevidalba.com\/es\/wp-json\/wp\/v2\/media?parent=4623"}],"wp:term":[{"taxonomy":"product_cat","embeddable":true,"href":"https:\/\/www.terresdevidalba.com\/es\/wp-json\/wp\/v2\/product_cat?post=4623"},{"taxonomy":"product_tag","embeddable":true,"href":"https:\/\/www.terresdevidalba.com\/es\/wp-json\/wp\/v2\/product_tag?post=4623"},{"taxonomy":"giftcard-category","embeddable":true,"href":"https:\/\/www.terresdevidalba.com\/es\/wp-json\/wp\/v2\/giftcard-category?post=4623"}],"curies":[{"name":"wp","href":"https:\/\/api.w.org\/{rel}","templated":true}]}}